{"id":10314,"date":"2023-04-15T11:59:29","date_gmt":"2023-04-15T11:59:29","guid":{"rendered":"https:\/\/cbb.uw.edu.pl\/?page_id=10314"},"modified":"2025-09-22T08:57:50","modified_gmt":"2025-09-22T08:57:50","slug":"seminarium","status":"publish","type":"page","link":"https:\/\/cbb.uw.edu.pl\/en\/seminarium\/","title":{"rendered":"Results dissemination"},"content":{"rendered":"\r\n<p><\/p>\r\n<p><strong>Publications<\/strong><\/p>\r\n<p>[Accepted for publication] K. Bieli\u0144ska, \u201eWith Marx against a double imperialist agenda: C\u00e9saire\u2019s, Memmi\u2019s and Fanon\u2019s decoloniality reinterpreted\u201d, <em>Critique<\/em>, DOI:10.1080\/03017605.2025.2550862.<\/p>\r\n<p><strong>Conference presentations<\/strong><\/p>\r\n<p>[Accepted] K. Bieli\u0144ska, \u201eMarxist critique of \u2018decolonial option\u2019 with respect to Eastern Europe\u201d, Historical Materialism, 22nd Annual Conference, SOAS, Londyn, 6-9 Nov 2025. (within an accepted panel, submitted by K. Bieli\u0144ska: \u201eMarxism and Decoloniality in Eastern Europe: emancipatory alliance or dangerous liaisons?\u201d)<\/p>\r\n<p>[Accepted] K. Kulpa, \u201eMarxist critique of \u2018decolonial option\u2019 with respect to Eastern Europe\u201d, Historical Materialism, 22nd Annual Conference, SOAS, Londyn, 6-9 Nov 2025. (within an accepted panel, submitted by K. Bieli\u0144sk:: \u201eMarxism and Decoloniality in Eastern Europe: emancipatory alliance or dangerous liaisons?\u201d)<\/p>\r\n<p>K. Bieli\u0144ska, \u201ePozycja i rola teorii dekolonialnej w akademickich obiegach wiedzy: Przyk\u0142ad Waltera D. Mignolo\u201d, V Congress of the Polish Cultural Studies Association, University SWPS, Warsaw, 11-13 Sept 2025. (<a href=\"https:\/\/www.swps.pl\/images\/DOKUMENTY\/V_Zjazd_PTK__program_29_lipca.pdf?_gl=1*ynwiln*_up*MQ..*_ga*MjEyMjA2OTczMS4xNzUzOTQ4Njg2*_ga_KWLY61927T*czE3NTM5NDg2ODUkbzEkZzAkdDE3NTM5NDg2ODUkajYwJGwwJGgw*_ga_WD92PFT6KH*czE3NTM5NDg2ODYkbzEkZzAkdDE3NTM5NDg2ODYkajYwJGwwJGgyMDUzNDQ1MDY3\">Program<\/a>, <a href=\"https:\/\/www.swps.pl\/images\/DOKUMENTY\/V_Zjazd_PTK__abstrakty_29_lipca.pdf?_gl=1*19bv6tz*_up*MQ..*_ga*MjEyMjA2OTczMS4xNzUzOTQ4Njg2*_ga_KWLY61927T*czE3NTM5NDg2ODUkbzEkZzAkdDE3NTM5NDg2ODUkajYwJGwwJGgw*_ga_WD92PFT6KH*czE3NTM5NDg2ODYkbzEkZzAkdDE3NTM5NDg2ODYkajYwJGwwJGgyMDUzNDQ1MDY3\">Book of abstracts<\/a>)<\/p>\r\n<p>Stanis\u0142aw Bogdanowicz, \u201eHegel a latynoameryka\u0144ska teoria dekolonialna\u201d, V Congress of the Polish Cultural Studies Association, University SWPS, Warsaw, 11-13 Sept 2025. (<a href=\"https:\/\/www.swps.pl\/images\/DOKUMENTY\/V_Zjazd_PTK__program_29_lipca.pdf?_gl=1*ynwiln*_up*MQ..*_ga*MjEyMjA2OTczMS4xNzUzOTQ4Njg2*_ga_KWLY61927T*czE3NTM5NDg2ODUkbzEkZzAkdDE3NTM5NDg2ODUkajYwJGwwJGgw*_ga_WD92PFT6KH*czE3NTM5NDg2ODYkbzEkZzAkdDE3NTM5NDg2ODYkajYwJGwwJGgyMDUzNDQ1MDY3\">Program<\/a>, <a href=\"https:\/\/www.swps.pl\/images\/DOKUMENTY\/V_Zjazd_PTK__abstrakty_29_lipca.pdf?_gl=1*19bv6tz*_up*MQ..*_ga*MjEyMjA2OTczMS4xNzUzOTQ4Njg2*_ga_KWLY61927T*czE3NTM5NDg2ODUkbzEkZzAkdDE3NTM5NDg2ODUkajYwJGwwJGgw*_ga_WD92PFT6KH*czE3NTM5NDg2ODYkbzEkZzAkdDE3NTM5NDg2ODYkajYwJGwwJGgyMDUzNDQ1MDY3\">Book of abstracts<\/a>)<\/p>\r\n<p>\u00a0Karolina Kulpa, \u201eHumanistyka indygeniczna jako projekt sporny. Latynoameryka\u0144skie debaty i rewizje\u201d, V Congress of the Polish Cultural Studies Association, University SWPS, Warsaw, 11-13 Sept 2025. (<a href=\"https:\/\/www.swps.pl\/images\/DOKUMENTY\/V_Zjazd_PTK__program_29_lipca.pdf?_gl=1*ynwiln*_up*MQ..*_ga*MjEyMjA2OTczMS4xNzUzOTQ4Njg2*_ga_KWLY61927T*czE3NTM5NDg2ODUkbzEkZzAkdDE3NTM5NDg2ODUkajYwJGwwJGgw*_ga_WD92PFT6KH*czE3NTM5NDg2ODYkbzEkZzAkdDE3NTM5NDg2ODYkajYwJGwwJGgyMDUzNDQ1MDY3\">Program<\/a>, <a href=\"https:\/\/www.swps.pl\/images\/DOKUMENTY\/V_Zjazd_PTK__abstrakty_29_lipca.pdf?_gl=1*19bv6tz*_up*MQ..*_ga*MjEyMjA2OTczMS4xNzUzOTQ4Njg2*_ga_KWLY61927T*czE3NTM5NDg2ODUkbzEkZzAkdDE3NTM5NDg2ODUkajYwJGwwJGgw*_ga_WD92PFT6KH*czE3NTM5NDg2ODYkbzEkZzAkdDE3NTM5NDg2ODYkajYwJGwwJGgyMDUzNDQ1MDY3\">Book of abstracts<\/a>)<\/p>\r\n<p><a href=\"https:\/\/clatcsa2025.wgsr.uw.edu.pl\/wp-content\/uploads\/2025\/06\/CLATCSA2025-Programa_V7.pdf\">\u00a0K. Bieli\u0144ska, K. Kulpa, \u201eIdeas of progress and development in the context of climate crisis in Latin American philosophy in the 21. century\u201d, Latin American Congress of Social and Environmental Sciences, University of Warsaw, 16-18 June 2025.<\/a><\/p>\r\n<p><a href=\"https:\/\/change.ifdt.bg.ac.rs\/?_gl=1%2A13lzq52%2A_ga%2ANDcxMTYyMTMyLjE3MzM0ODg5NTM.%2A_ga_3HVMV6KL2L%2AMTczMzQ4ODk1My4xLjAuMTczMzQ4ODk1My4wLjAuMA.\">K.\u00a0 Bieli\u0144ska, K. Bogusz, K. Kulpa, S. Uribe, <em>Social change in the context of climate change: Latin America and Eastern Europe<\/em>, \u00a0International Conference of Change, University of Belgrade, 12-15 June 2024.<\/a><\/p>\r\n<p><a href=\"https:\/\/historicalmaterialismistanbul2024.net\/\">K. Bieli\u0144ska, <em>Ideas of Progress and Development and Their Critiques in Their Diversity<\/em>, Historical Materialism Istanbul 2024: Rethinking Rationalities and Irrationalities within the Times of Crisis and Radical Transformations, \u00a0Kadir Has University,\u00a0 5-7 April 2024.<\/a><\/p>\r\n<p><a href=\"https:\/\/historicalmaterialismistanbul2024.net\/\">K. Kulpa, <em>Gender and development<\/em>, Historical Materialism Istanbul 2024: Rethinking Rationalities and Irrationalities within the Times of Crisis and Radical Transformations, \u00a0Kadir Has University,\u00a0 5-7 April 2024.<\/a><\/p>\r\n<p><a href=\"https:\/\/historicalmaterialismistanbul2024.net\/\">S. Uribe,<em> Indigenous Ideas and Sustainable Development: Reflection on the Philosophy of Buen Vivir\/ Vivir Bien, Inherent in The Ancestral Way of Life Advocates by Sumak Kawsay \/ Suma Qama\u00f1a<\/em>, Historical Materialism Istanbul 2024: Rethinking Rationalities and Irrationalities within the Times of Crisis and Radical Transformations, \u00a0Kadir Has University,\u00a0 5-7 April 2024.<\/a><\/p>\r\n<p><a href=\"https:\/\/eacme2023.filozofia.uw.edu.pl\/wp-content\/uploads\/sites\/132\/2023\/09\/book-of-abstracts.pdf\">K. Bieli\u0144ska, K. Kulpa, S. Uribe,<em>\u00a0Multilingual integrative review in research on peripheral debates\u00a0<\/em><em>on progress and development in the context of climate crisis \u2013\u00a0<\/em><em>opportunities and challenges,<\/em> \u201eFacing Disruption. Challenges to Bioethics, Human Rights and Democracy, EACME Annual Conference, University of Warsaw, 14-16 Sept 2023.<\/a><\/p>\r\n<div class=\"col-lg-5 col-12 text\">\r\n<p><strong>Seminars<\/strong><\/p>\r\n<p><a href=\"https:\/\/cbb.uw.edu.pl\/2024\/11\/28\/zielony-ekstraktywizm-rysa-metaboliczna-i-kolonializm-energetyczny-w-rpa-30-11-godz-17-00-online\/\">30 Nov 2024 &#8211; Kennedy Manduna, &#8220;Green Extractivism, Metabolic Rift and Energy Colonialism in South Africa\u2019s Just Energy Transition&#8221;, Seminar &#8220;Philosophy and Social Movements&#8221;<\/a><\/p>\r\n<p><a href=\"https:\/\/cbb.uw.edu.pl\/2024\/11\/14\/ana-isla-an-ecofeminist-critique-to-sustainable-development-online-16-november-2024-3-p-m-cet\/\">6 Nov 2024 &#8211; Ana Isla: \u201cAn Ecofeminist Critique to Sustainable Development\u201d, Seminar &#8220;Philosophy and Social Movements&#8221;<\/a><\/p>\r\n<\/div>\r\n<p><a href=\"https:\/\/cbb.uw.edu.pl\/2023\/05\/21\/salvatore-engel-di-mauro-the-importance-of-socialist-states-experiences-for-ecosocialism-3rd-june-3-p-m-cest-online\/\">3 June 2023 &#8211; Salvatore Engel-Di Mauro, \u201cThe Importance of Socialist States\u2019 Experiences for Ecosocialism\u201d, Seminar &#8220;Philosophy and Social Movements&#8221;<\/a><\/p>\r\n<p><a href=\"https:\/\/cbb.uw.edu.pl\/en\/2023\/04\/15\/michael-lowy-beyond-development-ecosocialist-degrowth-22nd-april-2023-3-p-m-cest-online\/\">22 April 2023 \u2013 \u00a0Michael L\u00f6wy, \u201eBeyond \u2018development\u2019: ecosocialist degrowth\u201d, Seminar \u201cPhilosophy and Social Movements\u201d.<\/a><\/p>\r\n<p><a href=\"https:\/\/usosweb.uw.edu.pl\/kontroler.php?_action=katalog2\/przedmioty\/pokazPrzedmiot&amp;kod=3800-RSD24-BE-S\">2024\/2025 &#8211; Development and decolonial justice &#8211; University of Warsaw &#8211; USOSweb<\/a><\/p>\r\n<p><a href=\"https:\/\/usosweb.uw.edu.pl\/kontroler.php?_action=katalog2\/przedmioty\/pokazPrzedmiot&amp;prz_kod=3800-IPR23-S&amp;callback=g_1aabe6ee\">2023\/2024 Ideas of Progress and Development in the Context of Climate Crisis &#8211; Uniwersytet Warszawski &#8211; USOSweb<\/a><\/p>\r\n<p><strong>Wyk\u0142ady go\u015bcinne<\/strong><\/p>\r\n<p><a href=\"https:\/\/www.ffrz.unizg.hr\/program-ceepus-ljetne-skole-interdisciplinary-perspectives-on-philosophy-art-and-religion-07-13-srpnja-2025\/\">\u00a0K. Bieli\u0144ska, <em>Social Function of Peripheral Philosophies<\/em>,\u00a0 CEEPUS summer school, University of Zagreb, 11 July 2025.<\/a><\/p>\r\n<p>K. Bieli\u0144ska,<em> Ideja razvoja sa perspektive periferije<\/em>, University of Novi Sad, 14 May 2024 (CEEPUS visiting scholarship)<\/p>\r\n<p>K. Bieli\u0144ska, <em>Post-growth, Political Ecology and Environmental<\/em> Justice, \u00a0University of Novi Sad, 13 May 2024 (CEEPUS visiting scholarship)<\/p>\r\n<p><strong>Popularizing pulications<\/strong><\/p>\r\n<p><a href=\"https:\/\/wyborcza.pl\/magazyn\/7,124059,32259643,jak-adam-michnik-wyzwalal-peryferie.html\">K. Bieli\u0144ska, Jak Adam Michnik wyzwala\u0142 peryferie, Magazyn Wyborczej, 18 Sept 2025.<\/a><\/p>\r\n<p><a href=\"https:\/\/magazynkontakt.pl\/magazyn\/kontakt-56-2025-opowiadaj-i-rzadz\/\">K. Bieli\u0144ska, \u201eZrozumie\u0107 pu\u0142apki narracji dekolonialnej\u201d, <em>Magazyn Kontakt<\/em> 2025 no 56, pp. 81-85<\/a><\/p>\r\n<p><strong>Wydarzenia popularyzuj\u0105ce nauk\u0119<\/strong><\/p>\r\n<p>[Planowane] &#8220;Ubuntu a idea r\u00f3wnowagi \u015brodowiskowej&#8221;, XXIX Science Fectival, Warsaw, 25 Sept 2025.<\/p>\r\n<p><a href=\"https:\/\/cbb.uw.edu.pl\/wp-content\/uploads\/2025\/05\/WSB-2025-Broszura-informacyjna.pdf\">K. Bieli\u0144ska, &#8220;Podej\u015bcie O<em>ne Health<\/em> a cele zr\u00f3wnowa\u017conego rozwoju&#8221;, Bioethics Spring School, 1-3 July 2025.<\/a><\/p>\r\n<p><a href=\"https:\/\/festiwalnauki.edu.pl\/spotkania\/buen-vivir-jako-koncepcja-rownowagi-srodowiskowej\">K. Bieli\u0144ska, &#8220;Buen vivir&#8221; jako koncepcja r\u00f3wnowagi \u015brodowiskowej, wyk\u0142ad, XXVIII Science Festival, Warsaw 26 Sept <\/a><a href=\"https:\/\/festiwalnauki.edu.pl\/spotkania\/buen-vivir-jako-koncepcja-rownowagi-srodowiskowej\">2024.<\/a><\/p>\r\n<p><a href=\"https:\/\/cbb.uw.edu.pl\/wp-content\/uploads\/2024\/04\/WSB-2024-Broszura-informacyjna.pdf\">Lecture and workshop, VIII Bioethics Spring School, 1-3 lipca 2024.<\/a><\/p>\r\n<p><a href=\"https:\/\/fma.waw.pl\/program\/\">K. Kulpa, &#8220;Rozmowa: Ekosocjalizm \u2013 oblicza marks(ist)owskie&#8221;, Festiwal My\u015bli Abstrakcyjnej 2023, Warsaw, 18 Nov 2023.<\/a><\/p>\r\n<p><a href=\"https:\/\/bioetyka.uw.edu.pl\/wp-content\/uploads\/2023\/05\/WSB-2023-Program.pdf\">K. Bieli\u0144ska, &#8220;Zr\u00f3wnowa\u017cony rozw\u00f3j &#8211; za\u0142o\u017cenia, wyzwania i perspektywy&#8221;, wyk\u0142ad, VII Bioethics Spring School, Jab\u0142onna, 3-7 July 2023.<\/a><\/p>\r\n<p><a href=\"https:\/\/bioetyka.uw.edu.pl\/wp-content\/uploads\/2023\/05\/WSB-2023-Program.pdf\">K. Bieli\u0144ska, K. Kulpa, &#8220;Sprawiedliwo\u015b\u0107 \u015brodowiskowa &#8211; wyzwania etyczne i praktyczne&#8221;, workshop, VII Bioethics Spring School, Jab\u0142onna, 3-7 July 2023.<\/a><\/p>\r\n<p><a href=\"https:\/\/festiwalnauki.edu.pl\/2023\/spotkania\/rozwoj-w-dobie-kryzysu-klimatycznego\">K. Bieli\u0144ska, Karolina Kulpa, &#8220;Rozw\u00f3j w dobie kryzysu klimatycznego&#8221;, XXVII Science Festival, Warszawa, 24 Sept 2023.<\/a><\/p>\r\n<p><a href=\"https:\/\/ucbs.uw.edu.pl\/2023\/02\/02\/otwarte-wyklady-rozwoj-zrownowazony-w-teorii-i-praktyce-2023-czy-zrownowazony-rozwoj-jest-mozliwy\/\">K. Bieli\u0144ska, &#8220;Zr\u00f3wnowa\u017cony czyli jaki? Wsp\u00f3\u0142czesne debaty o rozwoju&#8221;, Open lectures \u201eRozw\u00f3j zr\u00f3wnowa\u017cony w teorii i praktyce 2023- czy Zr\u00f3wnowa\u017cony rozw\u00f3j jest mo\u017cliwy (?)\u201d, University Centre for Environmental Studies and Sustainable Development UW, 2 maja 2023.<\/a><\/p>\r\n<div class=\"col-lg-5 col-12 text\">\r\n<p>&nbsp;<\/p>\r\n<\/div>\r\n<p><\/p>\r\n","protected":false},"excerpt":{"rendered":"<p>Publications [Accepted for publication] K. Bieli\u0144ska, \u201eWith Marx against a double imperialist agenda: C\u00e9saire\u2019s, Memmi\u2019s and Fanon\u2019s decoloniality reinterpreted\u201d, Critique, DOI:10.1080\/03017605.2025.2550862. Conference presentations [Accepted] K. Bieli\u0144ska, \u201eMarxist critique of \u2018decolonial option\u2019 with respect to Eastern Europe\u201d, Historical Materialism, 22nd Annual Conference, SOAS, Londyn, 6-9 Nov 2025. (within an accepted panel, submitted by K. Bieli\u0144ska: \u201eMarxism\u2026 <span class=\"read-more\"><a href=\"https:\/\/cbb.uw.edu.pl\/en\/seminarium\/\">Read More &raquo;<\/a><\/span><\/p>\n","protected":false},"author":14,"featured_media":0,"parent":0,"menu_order":0,"comment_status":"closed","ping_status":"closed","template":"","meta":{"footnotes":"","_links_to":"","_links_to_target":""},"class_list":["post-10314","page","type-page","status-publish","hentry"],"yoast_head":"<!-- This site is optimized with the Yoast SEO plugin v27.5 - https:\/\/yoast.com\/product\/yoast-seo-wordpress\/ -->\n<title>Results dissemination - Center for Bioethics and Biolaw<\/title>\n<meta name=\"robots\" content=\"index, follow, max-snippet:-1, max-image-preview:large, max-video-preview:-1\" \/>\n<link rel=\"canonical\" href=\"https:\/\/cbb.uw.edu.pl\/en\/seminarium\/\" \/>\n<meta property=\"og:locale\" content=\"en_US\" \/>\n<meta property=\"og:type\" content=\"article\" \/>\n<meta property=\"og:title\" content=\"Results dissemination - Center for Bioethics and Biolaw\" \/>\n<meta property=\"og:description\" content=\"Publications [Accepted for publication] K. Bieli\u0144ska, \u201eWith Marx against a double imperialist agenda: C\u00e9saire\u2019s, Memmi\u2019s and Fanon\u2019s decoloniality reinterpreted\u201d, Critique, DOI:10.1080\/03017605.2025.2550862. Conference presentations [Accepted] K. Bieli\u0144ska, \u201eMarxist critique of \u2018decolonial option\u2019 with respect to Eastern Europe\u201d, Historical Materialism, 22nd Annual Conference, SOAS, Londyn, 6-9 Nov 2025. (within an accepted panel, submitted by K. Bieli\u0144ska: \u201eMarxism\u2026 Read More &raquo;\" \/>\n<meta property=\"og:url\" content=\"https:\/\/cbb.uw.edu.pl\/en\/seminarium\/\" \/>\n<meta property=\"og:site_name\" content=\"Center for Bioethics and Biolaw\" \/>\n<meta property=\"article:modified_time\" content=\"2025-09-22T08:57:50+00:00\" \/>\n<meta name=\"twitter:card\" content=\"summary_large_image\" \/>\n<meta name=\"twitter:label1\" content=\"Est. reading time\" \/>\n\t<meta name=\"twitter:data1\" content=\"5 minutes\" \/>\n<script type=\"application\/ld+json\" class=\"yoast-schema-graph\">{\"@context\":\"https:\\\/\\\/schema.org\",\"@graph\":[{\"@type\":\"WebPage\",\"@id\":\"https:\\\/\\\/cbb.uw.edu.pl\\\/en\\\/seminarium\\\/\",\"url\":\"https:\\\/\\\/cbb.uw.edu.pl\\\/en\\\/seminarium\\\/\",\"name\":\"Results dissemination - Center for Bioethics and Biolaw\",\"isPartOf\":{\"@id\":\"https:\\\/\\\/cbb.uw.edu.pl\\\/en\\\/#website\"},\"datePublished\":\"2023-04-15T11:59:29+00:00\",\"dateModified\":\"2025-09-22T08:57:50+00:00\",\"breadcrumb\":{\"@id\":\"https:\\\/\\\/cbb.uw.edu.pl\\\/en\\\/seminarium\\\/#breadcrumb\"},\"inLanguage\":\"en-US\",\"potentialAction\":[{\"@type\":\"ReadAction\",\"target\":[\"https:\\\/\\\/cbb.uw.edu.pl\\\/en\\\/seminarium\\\/\"]}]},{\"@type\":\"BreadcrumbList\",\"@id\":\"https:\\\/\\\/cbb.uw.edu.pl\\\/en\\\/seminarium\\\/#breadcrumb\",\"itemListElement\":[{\"@type\":\"ListItem\",\"position\":1,\"name\":\"Strona g\u0142\u00f3wna\",\"item\":\"https:\\\/\\\/cbb.uw.edu.pl\\\/en\\\/\"},{\"@type\":\"ListItem\",\"position\":2,\"name\":\"Results dissemination\"}]},{\"@type\":\"WebSite\",\"@id\":\"https:\\\/\\\/cbb.uw.edu.pl\\\/en\\\/#website\",\"url\":\"https:\\\/\\\/cbb.uw.edu.pl\\\/en\\\/\",\"name\":\"Center for Bioethics and Biolaw\",\"description\":\"Institute of Philosophy, University of Warsaw\",\"potentialAction\":[{\"@type\":\"SearchAction\",\"target\":{\"@type\":\"EntryPoint\",\"urlTemplate\":\"https:\\\/\\\/cbb.uw.edu.pl\\\/en\\\/?s={search_term_string}\"},\"query-input\":{\"@type\":\"PropertyValueSpecification\",\"valueRequired\":true,\"valueName\":\"search_term_string\"}}],\"inLanguage\":\"en-US\"}]}<\/script>\n<!-- \/ Yoast SEO plugin. -->","yoast_head_json":{"title":"Results dissemination - Center for Bioethics and Biolaw","robots":{"index":"index","follow":"follow","max-snippet":"max-snippet:-1","max-image-preview":"max-image-preview:large","max-video-preview":"max-video-preview:-1"},"canonical":"https:\/\/cbb.uw.edu.pl\/en\/seminarium\/","og_locale":"en_US","og_type":"article","og_title":"Results dissemination - Center for Bioethics and Biolaw","og_description":"Publications [Accepted for publication] K. Bieli\u0144ska, \u201eWith Marx against a double imperialist agenda: C\u00e9saire\u2019s, Memmi\u2019s and Fanon\u2019s decoloniality reinterpreted\u201d, Critique, DOI:10.1080\/03017605.2025.2550862. Conference presentations [Accepted] K. Bieli\u0144ska, \u201eMarxist critique of \u2018decolonial option\u2019 with respect to Eastern Europe\u201d, Historical Materialism, 22nd Annual Conference, SOAS, Londyn, 6-9 Nov 2025. (within an accepted panel, submitted by K. Bieli\u0144ska: \u201eMarxism\u2026 Read More &raquo;","og_url":"https:\/\/cbb.uw.edu.pl\/en\/seminarium\/","og_site_name":"Center for Bioethics and Biolaw","article_modified_time":"2025-09-22T08:57:50+00:00","twitter_card":"summary_large_image","twitter_misc":{"Est. reading time":"5 minutes"},"schema":{"@context":"https:\/\/schema.org","@graph":[{"@type":"WebPage","@id":"https:\/\/cbb.uw.edu.pl\/en\/seminarium\/","url":"https:\/\/cbb.uw.edu.pl\/en\/seminarium\/","name":"Results dissemination - Center for Bioethics and Biolaw","isPartOf":{"@id":"https:\/\/cbb.uw.edu.pl\/en\/#website"},"datePublished":"2023-04-15T11:59:29+00:00","dateModified":"2025-09-22T08:57:50+00:00","breadcrumb":{"@id":"https:\/\/cbb.uw.edu.pl\/en\/seminarium\/#breadcrumb"},"inLanguage":"en-US","potentialAction":[{"@type":"ReadAction","target":["https:\/\/cbb.uw.edu.pl\/en\/seminarium\/"]}]},{"@type":"BreadcrumbList","@id":"https:\/\/cbb.uw.edu.pl\/en\/seminarium\/#breadcrumb","itemListElement":[{"@type":"ListItem","position":1,"name":"Strona g\u0142\u00f3wna","item":"https:\/\/cbb.uw.edu.pl\/en\/"},{"@type":"ListItem","position":2,"name":"Results dissemination"}]},{"@type":"WebSite","@id":"https:\/\/cbb.uw.edu.pl\/en\/#website","url":"https:\/\/cbb.uw.edu.pl\/en\/","name":"Center for Bioethics and Biolaw","description":"Institute of Philosophy, University of Warsaw","potentialAction":[{"@type":"SearchAction","target":{"@type":"EntryPoint","urlTemplate":"https:\/\/cbb.uw.edu.pl\/en\/?s={search_term_string}"},"query-input":{"@type":"PropertyValueSpecification","valueRequired":true,"valueName":"search_term_string"}}],"inLanguage":"en-US"}]}},"_links":{"self":[{"href":"https:\/\/cbb.uw.edu.pl\/en\/wp-json\/wp\/v2\/pages\/10314","targetHints":{"allow":["GET"]}}],"collection":[{"href":"https:\/\/cbb.uw.edu.pl\/en\/wp-json\/wp\/v2\/pages"}],"about":[{"href":"https:\/\/cbb.uw.edu.pl\/en\/wp-json\/wp\/v2\/types\/page"}],"author":[{"embeddable":true,"href":"https:\/\/cbb.uw.edu.pl\/en\/wp-json\/wp\/v2\/users\/14"}],"replies":[{"embeddable":true,"href":"https:\/\/cbb.uw.edu.pl\/en\/wp-json\/wp\/v2\/comments?post=10314"}],"version-history":[{"count":10,"href":"https:\/\/cbb.uw.edu.pl\/en\/wp-json\/wp\/v2\/pages\/10314\/revisions"}],"predecessor-version":[{"id":11687,"href":"https:\/\/cbb.uw.edu.pl\/en\/wp-json\/wp\/v2\/pages\/10314\/revisions\/11687"}],"wp:attachment":[{"href":"https:\/\/cbb.uw.edu.pl\/en\/wp-json\/wp\/v2\/media?parent=10314"}],"curies":[{"name":"wp","href":"https:\/\/api.w.org\/{rel}","templated":true}]}}